{"id":1564,"date":"2018-04-10T11:59:13","date_gmt":"2018-04-10T09:59:13","guid":{"rendered":"https:\/\/www.dartem.cat\/inicio\/"},"modified":"2024-04-24T12:37:20","modified_gmt":"2024-04-24T10:37:20","slug":"inicio","status":"publish","type":"page","link":"https:\/\/www.dartem.cat\/es\/","title":{"rendered":"INICIO"},"content":{"rendered":"<p>[et_pb_section fb_built=\u00bb1&#8243; fullwidth=\u00bbon\u00bb _builder_version=\u00bb4.16&#8243; _module_preset=\u00bbdefault\u00bb global_colors_info=\u00bb{}\u00bb][et_pb_fullwidth_slider _builder_version=\u00bb4.16&#8243; _module_preset=\u00bbdefault\u00bb body_font=\u00bb||||||||\u00bb body_text_align=\u00bbcenter\u00bb background_enable_color=\u00bboff\u00bb custom_button=\u00bbon\u00bb button_font=\u00bb|600|||||||\u00bb custom_padding=\u00bb184px|||||\u00bb body_text_align_tablet=\u00bb\u00bb body_text_align_phone=\u00bb\u00bb body_text_align_last_edited=\u00bbon|phone\u00bb body_font_size_tablet=\u00bb\u00bb body_font_size_phone=\u00bb31px\u00bb body_font_size_last_edited=\u00bbon|phone\u00bb global_colors_info=\u00bb{}\u00bb][et_pb_slide heading=\u00bbProtecci\u00f3n de datos personales\u00bb button_text=\u00bbSOLICITAR PRESUPUESTO\u00bb button_text_2=\u00bbCONTACTAR\u00bb button_link=\u00bb@ET-DC@eyJkeW5hbWljIjp0cnVlLCJjb250ZW50IjoicG9zdF9saW5rX3VybF9wYWdlIiwic2V0dGluZ3MiOnsicG9zdF9pZCI6IjEwMzMiLCJlbmFibGVfaHRtbCI6Im9mZiJ9fQ==@\u00bb button_link_2=\u00bb@ET-DC@eyJkeW5hbWljIjp0cnVlLCJjb250ZW50IjoicG9zdF9saW5rX3VybF9wYWdlIiwic2V0dGluZ3MiOnsicG9zdF9pZCI6IjIzIiwiZW5hYmxlX2h0bWwiOiJvZmYifX0=@\u00bb _builder_version=\u00bb4.16&#8243; _dynamic_attributes=\u00bbbutton_link_2,button_link\u00bb _module_preset=\u00bbdefault\u00bb header_level=\u00bbh1&#8243; header_font=\u00bbRoboto|700|||||||\u00bb header_font_size=\u00bb48px\u00bb body_font=\u00bbPoppins||||||||\u00bb body_font_size=\u00bb76px\u00bb body_line_height=\u00bb2em\u00bb background_color=\u00bb#000000&#8243; background_enable_color=\u00bbon\u00bb use_background_color_gradient=\u00bbon\u00bb background_color_gradient_stops=\u00bbrgba(10,10,10,0.69) 0%|rgba(10,10,10,0.4) 100%\u00bb background_color_gradient_overlays_image=\u00bbon\u00bb background_color_gradient_start=\u00bbrgba(10,10,10,0.69)\u00bb background_color_gradient_end=\u00bbrgba(10,10,10,0.4)\u00bb background_image=\u00bbhttps:\/\/www.dartem.cat\/\/wp-content\/uploads\/2021\/01\/foto-home.jpg\u00bb background_enable_image=\u00bbon\u00bb custom_button=\u00bbon\u00bb button_text_size=\u00bb14px\u00bb button_text_color=\u00bb#FFFFFF\u00bb button_bg_color=\u00bb#c00049&#8243; button_border_color=\u00bbrgba(0,0,0,0)\u00bb button_border_radius=\u00bb36px\u00bb width=\u00bb100%\u00bb body_font_size_tablet=\u00bb\u00bb body_font_size_phone=\u00bb55px\u00bb body_font_size_last_edited=\u00bbon|phone\u00bb inline_fonts=\u00bbPoppins\u00bb global_colors_info=\u00bb{}\u00bb sticky_transition=\u00bbon\u00bb]<\/p>\n<p><strong>Privacidad<\/strong><\/p>\n<h2 style=\"text-align: center; line-height: 1.5em;\">Os proponemos la mejor soluci\u00f3n adaptada<br \/> a sus necesidades<\/h2>\n<p>[\/et_pb_slide][\/et_pb_fullwidth_slider][\/et_pb_section][et_pb_section fb_built=\u00bb1&#8243; _builder_version=\u00bb4.16&#8243; _module_preset=\u00bbdefault\u00bb custom_margin=\u00bb||18px|||\u00bb global_colors_info=\u00bb{}\u00bb][et_pb_row _builder_version=\u00bb4.16&#8243; _module_preset=\u00bbdefault\u00bb custom_padding=\u00bb10px||8px|||\u00bb global_colors_info=\u00bb{}\u00bb][et_pb_column type=\u00bb4_4&#8243; _builder_version=\u00bb4.16&#8243; _module_preset=\u00bbdefault\u00bb global_colors_info=\u00bb{}\u00bb][et_pb_text _builder_version=\u00bb4.16&#8243; _module_preset=\u00bbdefault\u00bb text_font=\u00bb|700|||||||\u00bb text_text_color=\u00bb#c00049&#8243; text_font_size=\u00bb18px\u00bb custom_margin=\u00bb||15px||false|false\u00bb global_colors_info=\u00bb{}\u00bb]<\/p>\n<p style=\"text-align: center;\">Dartem<\/p>\n<p>[\/et_pb_text][et_pb_text _builder_version=\u00bb4.16&#8243; _module_preset=\u00bbdefault\u00bb text_font=\u00bbPoppins|700|||||||\u00bb text_font_size=\u00bb38px\u00bb text_line_height=\u00bb1.3em\u00bb header_2_font=\u00bbPoppins|700|||||||\u00bb header_2_font_size=\u00bb38px\u00bb header_2_line_height=\u00bb1.3em\u00bb global_colors_info=\u00bb{}\u00bb]<\/p>\n<h2 style=\"text-align: center;\">Seguridad de los sistemas de informaci\u00f3n<br \/> y protecci\u00f3n de datos personales<\/h2>\n<p>[\/et_pb_text][et_pb_divider divider_weight=\u00bb4px\u00bb _builder_version=\u00bb4.16&#8243; _module_preset=\u00bbdefault\u00bb width=\u00bb5%\u00bb module_alignment=\u00bbcenter\u00bb custom_margin=\u00bb||15px||false|false\u00bb global_colors_info=\u00bb{}\u00bb][\/et_pb_divider][et_pb_text _builder_version=\u00bb4.16&#8243; _module_preset=\u00bbdefault\u00bb text_font=\u00bbPoppins|300|||||||\u00bb text_font_size=\u00bb17px\u00bb global_colors_info=\u00bb{}\u00bb]<\/p>\n<p style=\"text-align: center;\"><span>Dart es una consultor\u00eda que asesora a empresas y entidades en el tratamiento de datos de car\u00e1cter personal<br \/> y en la seguridad y gesti\u00f3n de la informaci\u00f3n. Estamos convencidos de que las podemos ayudar a la consecuci\u00f3n del objetivo <br \/> de tratar adecuada y legalmente los datos personales con las que trabajen y salvaguardar su informaci\u00f3n.<\/span><\/p>\n<p>[\/et_pb_text][\/et_pb_column][\/et_pb_row][\/et_pb_section][et_pb_section fb_built=\u00bb1&#8243; fullwidth=\u00bbon\u00bb _builder_version=\u00bb4.16&#8243; _module_preset=\u00bbdefault\u00bb global_colors_info=\u00bb{}\u00bb][et_pb_fullwidth_image src=\u00bbhttps:\/\/www.dartem.cat\/\/wp-content\/uploads\/2021\/01\/movil-tocando.jpg\u00bb title_text=\u00bbmovil-tocando\u00bb _builder_version=\u00bb4.16&#8243; _module_preset=\u00bbdefault\u00bb global_colors_info=\u00bb{}\u00bb][\/et_pb_fullwidth_image][\/et_pb_section][et_pb_section fb_built=\u00bb1&#8243; _builder_version=\u00bb4.16&#8243; _module_preset=\u00bbdefault\u00bb background_color=\u00bbRGBA(0,0,0,0)\u00bb background_enable_image=\u00bboff\u00bb min_height=\u00bb178px\u00bb custom_margin=\u00bb5px||0px||false|false\u00bb custom_padding=\u00bb37px||0px||false|false\u00bb global_colors_info=\u00bb{}\u00bb][et_pb_row column_structure=\u00bb1_3,1_3,1_3&#8243; use_custom_gutter=\u00bbon\u00bb gutter_width=\u00bb1&#8243; _builder_version=\u00bb4.16&#8243; _module_preset=\u00bbdefault\u00bb custom_margin=\u00bb-24%||||false|false\u00bb custom_padding=\u00bb4%|4%|4%|4%|false|false\u00bb global_colors_info=\u00bb{}\u00bb][et_pb_column type=\u00bb1_3&#8243; _builder_version=\u00bb4.16&#8243; _module_preset=\u00bbdefault\u00bb background_color=\u00bb#ffffff\u00bb custom_padding=\u00bb40px|0px|50px|0px|false|false\u00bb box_shadow_style=\u00bbpreset1&#8243; global_colors_info=\u00bb{}\u00bb][et_pb_blurb title=\u00bbGesti\u00f3n documental\u00bb image=\u00bbhttps:\/\/www.dartem.cat\/\/wp-content\/uploads\/2021\/01\/icono-gestion-documental.png\u00bb image_icon_width=\u00bb33%\u00bb content_max_width=\u00bb527px\u00bb _builder_version=\u00bb4.16&#8243; _module_preset=\u00bbdefault\u00bb header_level=\u00bbh3&#8243; header_font=\u00bb|700|||||||\u00bb header_text_align=\u00bbcenter\u00bb header_font_size=\u00bb18px\u00bb body_font_size=\u00bb15px\u00bb custom_margin=\u00bb||0px||false|false\u00bb image_max_width=\u00bb33%\u00bb global_colors_info=\u00bb{}\u00bb]<\/p>\n<p style=\"text-align: center;\">Proporcionamos procesos y herramientas<br \/> para gestionar eficientemente<br \/> la documentaci\u00f3n.<\/p>\n<p>[\/et_pb_blurb][et_pb_button button_url=\u00bb@ET-DC@eyJkeW5hbWljIjp0cnVlLCJjb250ZW50IjoicG9zdF9saW5rX3VybF9wYWdlIiwic2V0dGluZ3MiOnsicG9zdF9pZCI6IjEwNjQiLCJlbmFibGVfaHRtbCI6Im9mZiJ9fQ==@\u00bb button_text=\u00bbLEER M\u00c1S\u00bb button_alignment=\u00bbcenter\u00bb _builder_version=\u00bb4.16&#8243; _dynamic_attributes=\u00bbbutton_url\u00bb _module_preset=\u00bbdefault\u00bb custom_button=\u00bbon\u00bb button_text_size=\u00bb16px\u00bb button_text_color=\u00bb#ffffff\u00bb button_bg_color=\u00bb#c00049&#8243; button_border_radius=\u00bb36px\u00bb button_font=\u00bb|600|||||||\u00bb custom_margin=\u00bb20px||||false|false\u00bb global_colors_info=\u00bb{}\u00bb][\/et_pb_button][\/et_pb_column][et_pb_column type=\u00bb1_3&#8243; _builder_version=\u00bb4.16&#8243; _module_preset=\u00bbdefault\u00bb background_color=\u00bb#c00049&#8243; transform_scale=\u00bb104%|116%\u00bb transform_scale_linked=\u00bboff\u00bb z_index=\u00bb34&#8243; custom_padding=\u00bb45px|0px|25px|0px|false|false\u00bb custom_css_main_element=\u00bbz-index: 1;\u00bb box_shadow_style=\u00bbpreset1&#8243; box_shadow_horizontal=\u00bb-2px\u00bb box_shadow_vertical=\u00bb9px\u00bb box_shadow_blur=\u00bb23px\u00bb box_shadow_color=\u00bbrgba(0,0,0,0.62)\u00bb global_colors_info=\u00bb{}\u00bb][et_pb_blurb title=\u00bbProtecci\u00f3n de datos\u00bb image=\u00bbhttps:\/\/www.dartem.cat\/\/wp-content\/uploads\/2021\/01\/icono-seguridad-datos-blanco.png\u00bb image_icon_width=\u00bb33%\u00bb content_max_width=\u00bb527px\u00bb _builder_version=\u00bb4.16&#8243; _module_preset=\u00bbdefault\u00bb header_level=\u00bbh3&#8243; header_font=\u00bb|700|||||||\u00bb header_text_align=\u00bbcenter\u00bb header_text_color=\u00bb#ffffff\u00bb header_font_size=\u00bb18px\u00bb body_font=\u00bb|600|||||||\u00bb body_text_color=\u00bb#ffffff\u00bb body_font_size=\u00bb15px\u00bb custom_margin=\u00bb||0px||false|false\u00bb image_max_width=\u00bb33%\u00bb global_colors_info=\u00bb{}\u00bb]<\/p>\n<p style=\"text-align: center;\">Ofrecemos un servicio especializado<br \/> para el cumplimiento de la normativa<br \/> de protecci\u00f3n de datos.<\/p>\n<p>[\/et_pb_blurb][et_pb_button button_url=\u00bb@ET-DC@eyJkeW5hbWljIjp0cnVlLCJjb250ZW50IjoicG9zdF9saW5rX3VybF9wYWdlIiwic2V0dGluZ3MiOnsicG9zdF9pZCI6IjU2MCIsImVuYWJsZV9odG1sIjoib2ZmIn19@\u00bb button_text=\u00bbLEER M\u00c1S\u00bb button_alignment=\u00bbcenter\u00bb _builder_version=\u00bb4.16&#8243; _dynamic_attributes=\u00bbbutton_url\u00bb _module_preset=\u00bbdefault\u00bb custom_button=\u00bbon\u00bb button_text_size=\u00bb16px\u00bb button_text_color=\u00bb#c00049&#8243; button_bg_color=\u00bb#ffffff\u00bb button_border_radius=\u00bb36px\u00bb button_font=\u00bb|600|||||||\u00bb custom_margin=\u00bb20px||||false|false\u00bb global_colors_info=\u00bb{}\u00bb][\/et_pb_button][\/et_pb_column][et_pb_column type=\u00bb1_3&#8243; _builder_version=\u00bb4.16&#8243; _module_preset=\u00bbdefault\u00bb background_color=\u00bb#ffffff\u00bb custom_padding=\u00bb40px|0px|50px|0px|false|false\u00bb custom_css_main_element=\u00bbz-index: 2;\u00bb box_shadow_style=\u00bbpreset1&#8243; global_colors_info=\u00bb{}\u00bb][et_pb_blurb title=\u00bbSeguridad de la informaci\u00f3n\u00bb image=\u00bbhttps:\/\/www.dartem.cat\/\/wp-content\/uploads\/2021\/01\/icono-seguridad-informacion.png\u00bb image_icon_width=\u00bb43%\u00bb content_max_width=\u00bb527px\u00bb _builder_version=\u00bb4.16&#8243; _module_preset=\u00bbdefault\u00bb header_level=\u00bbh3&#8243; header_font=\u00bb|700|||||||\u00bb header_text_align=\u00bbcenter\u00bb header_font_size=\u00bb18px\u00bb body_font_size=\u00bb15px\u00bb custom_margin=\u00bb||0px||false|false\u00bb image_max_width=\u00bb43%\u00bb global_colors_info=\u00bb{}\u00bb]<\/p>\n<p style=\"text-align: center;\">Analizamos riesgos y proponemos<br \/> medidas de seguridad<br \/> para mitigarlos.<\/p>\n<p>[\/et_pb_blurb][et_pb_button button_url=\u00bb@ET-DC@eyJkeW5hbWljIjp0cnVlLCJjb250ZW50IjoicG9zdF9saW5rX3VybF9wYWdlIiwic2V0dGluZ3MiOnsicG9zdF9pZCI6IjEwNTIiLCJlbmFibGVfaHRtbCI6Im9mZiJ9fQ==@\u00bb button_text=\u00bbLEER M\u00c1S\u00bb button_alignment=\u00bbcenter\u00bb _builder_version=\u00bb4.16&#8243; _dynamic_attributes=\u00bbbutton_url\u00bb _module_preset=\u00bbdefault\u00bb custom_button=\u00bbon\u00bb button_text_size=\u00bb16px\u00bb button_text_color=\u00bb#ffffff\u00bb button_bg_color=\u00bb#c00049&#8243; button_border_radius=\u00bb36px\u00bb button_font=\u00bb|600|||||||\u00bb custom_margin=\u00bb20px||||false|false\u00bb global_colors_info=\u00bb{}\u00bb][\/et_pb_button][\/et_pb_column][\/et_pb_row][\/et_pb_section][et_pb_section fb_built=\u00bb1&#8243; _builder_version=\u00bb4.16&#8243; _module_preset=\u00bbdefault\u00bb global_colors_info=\u00bb{}\u00bb][et_pb_row column_structure=\u00bb1_2,1_2&#8243; use_custom_gutter=\u00bbon\u00bb gutter_width=\u00bb4&#8243; _builder_version=\u00bb4.16&#8243; _module_preset=\u00bbdefault\u00bb global_colors_info=\u00bb{}\u00bb][et_pb_column type=\u00bb1_2&#8243; _builder_version=\u00bb4.16&#8243; _module_preset=\u00bbdefault\u00bb global_colors_info=\u00bb{}\u00bb][et_pb_text _builder_version=\u00bb4.16&#8243; _module_preset=\u00bbdefault\u00bb text_font=\u00bb|700|||||||\u00bb text_text_color=\u00bb#c00049&#8243; text_font_size=\u00bb18px\u00bb custom_margin=\u00bb||15px||false|false\u00bb global_colors_info=\u00bb{}\u00bb]<\/p>\n<p style=\"text-align: left;\">Dartem<\/p>\n<p>[\/et_pb_text][et_pb_text _builder_version=\u00bb4.16&#8243; _module_preset=\u00bbdefault\u00bb text_font=\u00bbPoppins|700|||||||\u00bb text_font_size=\u00bb20px\u00bb custom_margin=\u00bb||30px|||\u00bb global_colors_info=\u00bb{}\u00bb]<\/p>\n<p>\u00bfQu\u00e9 nos diferencia?<\/p>\n<p>[\/et_pb_text][et_pb_divider divider_weight=\u00bb4px\u00bb _builder_version=\u00bb4.16&#8243; _module_preset=\u00bbdefault\u00bb width=\u00bb11%\u00bb custom_margin=\u00bb||0px||false|false\u00bb global_colors_info=\u00bb{}\u00bb][\/et_pb_divider][et_pb_accordion use_icon_font_size=\u00bbon\u00bb icon_font_size=\u00bb21px\u00bb _builder_version=\u00bb4.16&#8243; _module_preset=\u00bbdefault\u00bb text_orientation=\u00bbleft\u00bb global_colors_info=\u00bb{}\u00bb][et_pb_accordion_item title=\u00bbespacio blanco\u00bb open=\u00bbon\u00bb icon_color=\u00bb#c00049&#8243; open_icon_color=\u00bb#c00049&#8243; _builder_version=\u00bb4.16&#8243; _module_preset=\u00bbdefault\u00bb body_font=\u00bbPoppins|300|||||||\u00bb custom_margin=\u00bb||10px||false|false\u00bb custom_css_main_element=\u00bbdisplay:none;\u00bb border_width_all=\u00bb0px\u00bb border_width_bottom=\u00bb3px\u00bb border_color_bottom=\u00bb#c00049&#8243; global_colors_info=\u00bb{}\u00bb toggle_font=\u00bb|700|||||||\u00bb toggle_font_size=\u00bb17px\u00bb][\/et_pb_accordion_item][et_pb_accordion_item title=\u00bbEspecializaci\u00f3n\u00bb icon_color=\u00bb#c00049&#8243; open_icon_color=\u00bb#c00049&#8243; _builder_version=\u00bb4.16&#8243; _module_preset=\u00bbdefault\u00bb body_font=\u00bbPoppins|300|||||||\u00bb custom_margin=\u00bb||10px||false|false\u00bb border_width_all=\u00bb0px\u00bb border_width_bottom=\u00bb3px\u00bb border_color_bottom=\u00bb#c00049&#8243; global_colors_info=\u00bb{}\u00bb toggle_font=\u00bb|700|||||||\u00bb toggle_font_size=\u00bb17px\u00bb open=\u00bboff\u00bb]<\/p>\n<p><span>Disponemos de profesionales especialistas con titulaci\u00f3n superior en el \u00e1mbito de la gesti\u00f3n empresarial, inform\u00e1tico, jur\u00eddico y legal.<\/span><\/p>\n<p>[\/et_pb_accordion_item][et_pb_accordion_item title=\u00bbExperiencia\u00bb icon_color=\u00bb#c00049&#8243; open_icon_color=\u00bb#c00049&#8243; _builder_version=\u00bb4.16&#8243; _module_preset=\u00bbdefault\u00bb body_font=\u00bbPoppins|300|||||||\u00bb custom_margin=\u00bb||10px||false|false\u00bb border_width_all=\u00bb0px\u00bb border_width_bottom=\u00bb3px\u00bb border_color_bottom=\u00bb#c00049&#8243; global_colors_info=\u00bb{}\u00bb toggle_font=\u00bb|700|||||||\u00bb toggle_font_size=\u00bb17px\u00bb open=\u00bboff\u00bb]<\/p>\n<p><span>Nuestra empresa realiza tareas de asesoramiento y consultor\u00eda desde el a\u00f1o 2002. Tenemos una importante cartera de clientes que avalan nuestra trayectoria.<\/span><\/p>\n<p>[\/et_pb_accordion_item][et_pb_accordion_item title=\u00bbCompromiso\u00bb icon_color=\u00bb#c00049&#8243; open_icon_color=\u00bb#c00049&#8243; _builder_version=\u00bb4.16&#8243; _module_preset=\u00bbdefault\u00bb body_font=\u00bbPoppins|300|||||||\u00bb custom_margin=\u00bb||10px||false|false\u00bb border_width_all=\u00bb0px\u00bb border_width_bottom=\u00bb3px\u00bb border_color_bottom=\u00bb#c00049&#8243; global_colors_info=\u00bb{}\u00bb toggle_font=\u00bb|700|||||||\u00bb toggle_font_size=\u00bb17px\u00bb open=\u00bboff\u00bb]<\/p>\n<p><span>Nos comprometemos con nuestros clientes intentando superar las expectativas iniciales de cada proyecto.<\/span><\/p>\n<p>[\/et_pb_accordion_item][et_pb_accordion_item title=\u00bbMetodolog\u00eda\u00bb icon_color=\u00bb#c00049&#8243; open_icon_color=\u00bb#c00049&#8243; _builder_version=\u00bb4.16&#8243; _module_preset=\u00bbdefault\u00bb body_font=\u00bbPoppins|300|||||||\u00bb border_width_all=\u00bb0px\u00bb border_width_bottom=\u00bb3px\u00bb border_color_bottom=\u00bb#c00049&#8243; global_colors_info=\u00bb{}\u00bb toggle_font=\u00bb|700|||||||\u00bb toggle_font_size=\u00bb17px\u00bb open=\u00bboff\u00bb]<\/p>\n<p><span>Nuestros proyectos se desarrollan en base a las normativas vigentes y los est\u00e1ndares internacionales para proporcionar unas buenas pr\u00e1cticas<\/span><\/p>\n<p>[\/et_pb_accordion_item][\/et_pb_accordion][et_pb_button button_url=\u00bb@ET-DC@eyJkeW5hbWljIjp0cnVlLCJjb250ZW50IjoicG9zdF9saW5rX3VybF9wYWdlIiwic2V0dGluZ3MiOnsicG9zdF9pZCI6IjIzIiwiZW5hYmxlX2h0bWwiOiJvZmYifX0=@\u00bb button_text=\u00bbCONTACTAR\u00bb button_alignment=\u00bbleft\u00bb _builder_version=\u00bb4.16&#8243; _dynamic_attributes=\u00bbbutton_url\u00bb _module_preset=\u00bbdefault\u00bb custom_button=\u00bbon\u00bb button_text_size=\u00bb16px\u00bb button_text_color=\u00bb#ffffff\u00bb button_bg_color=\u00bb#c00049&#8243; button_border_radius=\u00bb36px\u00bb button_font=\u00bb|600|||||||\u00bb custom_margin=\u00bb20px||||false|false\u00bb global_colors_info=\u00bb{}\u00bb][\/et_pb_button][\/et_pb_column][et_pb_column type=\u00bb1_2&#8243; _builder_version=\u00bb4.16&#8243; _module_preset=\u00bbdefault\u00bb global_colors_info=\u00bb{}\u00bb][et_pb_text _builder_version=\u00bb4.16&#8243; _module_preset=\u00bbdefault\u00bb text_font=\u00bb|700|||||||\u00bb text_text_color=\u00bb#c00049&#8243; text_font_size=\u00bb18px\u00bb custom_margin=\u00bb||15px||false|false\u00bb global_colors_info=\u00bb{}\u00bb]<\/p>\n<p style=\"text-align: left;\">Dartem<\/p>\n<p>[\/et_pb_text][et_pb_text _builder_version=\u00bb4.16&#8243; _module_preset=\u00bbdefault\u00bb text_font=\u00bbPoppins|700|||||||\u00bb text_font_size=\u00bb20px\u00bb custom_margin=\u00bb||30px|||\u00bb global_colors_info=\u00bb{}\u00bb]<\/p>\n<p>Nuestros retos<\/p>\n<p>[\/et_pb_text][et_pb_divider divider_weight=\u00bb4px\u00bb _builder_version=\u00bb4.16&#8243; _module_preset=\u00bbdefault\u00bb width=\u00bb11%\u00bb custom_margin=\u00bb||15px||false|false\u00bb global_colors_info=\u00bb{}\u00bb][\/et_pb_divider][et_pb_text _builder_version=\u00bb4.16&#8243; _module_preset=\u00bbdefault\u00bb text_orientation=\u00bbjustified\u00bb width=\u00bb90%\u00bb custom_margin=\u00bb|||0px|false|false\u00bb custom_padding=\u00bb20px|30px|20px|30px|false|false\u00bb border_width_all=\u00bb1px\u00bb border_color_all=\u00bb#C00049&#8243; global_colors_info=\u00bb{}\u00bb]<\/p>\n<p><em>\u00abGuiar a nuestros clientes para la identificaci\u00f3n y obtenci\u00f3n de sus objetivos, ofreciendo un <span class=\"themecolor\" style=\"color: #c00049;\">valor a\u00f1adido<\/span> a nuestro servicio, proporcionando el asesoramiento personalizado para cada empresa que le permita disponer de una <span class=\"themecolor\" style=\"color: #c00049;\">ventaja competitiva<\/span>, y aportando la metodolog\u00eda necesaria para lograr el <span class=\"themecolor\" style=\"color: #c00049;\">m\u00e1ximo rendimiento<\/span>.\u00bb<\/em><\/p>\n<p>[\/et_pb_text][\/et_pb_column][\/et_pb_row][\/et_pb_section][et_pb_section fb_built=\u00bb1&#8243; _builder_version=\u00bb4.16&#8243; _module_preset=\u00bbdefault\u00bb background_color=\u00bb#c00049&#8243; custom_padding=\u00bb3px||5px|||\u00bb global_colors_info=\u00bb{}\u00bb][et_pb_row _builder_version=\u00bb4.16&#8243; _module_preset=\u00bbdefault\u00bb global_colors_info=\u00bb{}\u00bb][et_pb_column type=\u00bb4_4&#8243; _builder_version=\u00bb4.16&#8243; _module_preset=\u00bbdefault\u00bb global_colors_info=\u00bb{}\u00bb][et_pb_text _builder_version=\u00bb4.16&#8243; _module_preset=\u00bbdefault\u00bb text_font=\u00bbPoppins|700|||||||\u00bb text_text_color=\u00bb#ffffff\u00bb text_font_size=\u00bb34px\u00bb global_colors_info=\u00bb{}\u00bb]<\/p>\n<p style=\"text-align: center;\">Nuestros clientes<\/p>\n<p>[\/et_pb_text][\/et_pb_column][\/et_pb_row][\/et_pb_section][et_pb_section fb_built=\u00bb1&#8243; _builder_version=\u00bb4.16&#8243; _module_preset=\u00bbdefault\u00bb custom_padding=\u00bb8px||12px|||\u00bb box_shadow_style=\u00bbpreset3&#8243; box_shadow_blur=\u00bb20px\u00bb box_shadow_color=\u00bbrgba(0,0,0,0.22)\u00bb global_colors_info=\u00bb{}\u00bb][et_pb_row column_structure=\u00bb1_4,1_4,1_4,1_4&#8243; _builder_version=\u00bb4.16&#8243; _module_preset=\u00bbdefault\u00bb custom_padding=\u00bb6px||2px|||\u00bb global_colors_info=\u00bb{}\u00bb][et_pb_column type=\u00bb1_4&#8243; _builder_version=\u00bb4.16&#8243; _module_preset=\u00bbdefault\u00bb global_colors_info=\u00bb{}\u00bb][et_pb_image src=\u00bbhttps:\/\/www.dartem.cat\/wp-content\/uploads\/2023\/01\/centregidona-logo.jpg\u00bb alt=\u00bbLogo Centre Gidona\u00bb title_text=\u00bbLogo Centre Gidona\u00bb align=\u00bbcenter\u00bb _builder_version=\u00bb4.16&#8243; _module_preset=\u00bbdefault\u00bb global_colors_info=\u00bb{}\u00bb][\/et_pb_image][\/et_pb_column][et_pb_column type=\u00bb1_4&#8243; _builder_version=\u00bb4.16&#8243; _module_preset=\u00bbdefault\u00bb global_colors_info=\u00bb{}\u00bb][et_pb_image src=\u00bbhttps:\/\/www.dartem.cat\/wp-content\/uploads\/2023\/01\/cambracomercgirona-logo.jpg\u00bb alt=\u00bbLogo Cambra de comer\u00e7 Girona\u00bb title_text=\u00bbLogo Cambra de comer\u00e7 Girona\u00bb align=\u00bbcenter\u00bb _builder_version=\u00bb4.16&#8243; _module_preset=\u00bbdefault\u00bb custom_margin=\u00bb8px||||false|false\u00bb global_colors_info=\u00bb{}\u00bb][\/et_pb_image][\/et_pb_column][et_pb_column type=\u00bb1_4&#8243; _builder_version=\u00bb4.16&#8243; _module_preset=\u00bbdefault\u00bb global_colors_info=\u00bb{}\u00bb][et_pb_image src=\u00bbhttps:\/\/www.dartem.cat\/wp-content\/uploads\/2023\/01\/infoself-logo.jpg\u00bb alt=\u00bbLogo infoself\u00bb title_text=\u00bbLogo infoself\u00bb align=\u00bbcenter\u00bb _builder_version=\u00bb4.16&#8243; _module_preset=\u00bbdefault\u00bb global_colors_info=\u00bb{}\u00bb][\/et_pb_image][\/et_pb_column][et_pb_column type=\u00bb1_4&#8243; _builder_version=\u00bb4.16&#8243; _module_preset=\u00bbdefault\u00bb global_colors_info=\u00bb{}\u00bb][et_pb_image src=\u00bbhttps:\/\/www.dartem.cat\/wp-content\/uploads\/2023\/01\/comexigrup-logo.jpg\u00bb alt=\u00bbLogo Comexi grup\u00bb title_text=\u00bbLogo Comexi grup\u00bb align=\u00bbcenter\u00bb _builder_version=\u00bb4.16&#8243; _module_preset=\u00bbdefault\u00bb global_colors_info=\u00bb{}\u00bb][\/et_pb_image][\/et_pb_column][\/et_pb_row][\/et_pb_section][et_pb_section fb_built=\u00bb1&#8243; _builder_version=\u00bb4.16&#8243; _module_preset=\u00bbdefault\u00bb height=\u00bb38px\u00bb custom_padding=\u00bb14px||0px|||\u00bb global_colors_info=\u00bb{}\u00bb][\/et_pb_section]<\/p>\n","protected":false},"excerpt":{"rendered":"<p>Privacidad Os proponemos la mejor soluci\u00f3n adaptada a sus necesidadesDartemSeguridad de los sistemas de informaci\u00f3n y protecci\u00f3n de datos personalesDart es una consultor\u00eda que asesora a empresas y entidades en el tratamiento de datos de car\u00e1cter personal y en la seguridad y gesti\u00f3n de la informaci\u00f3n. Estamos convencidos de que las podemos ayudar a la [&hellip;]<\/p>\n","protected":false},"author":1,"featured_media":0,"parent":0,"menu_order":0,"comment_status":"closed","ping_status":"closed","template":"","meta":{"_et_pb_use_builder":"on","_et_pb_old_content":"","_et_gb_content_width":"","footnotes":""},"class_list":["post-1564","page","type-page","status-publish","hentry"],"yoast_head":"<!-- This site is optimized with the Yoast SEO plugin v23.5 - https:\/\/yoast.com\/wordpress\/plugins\/seo\/ -->\n<title>Dartem - Seguridad y Protecci\u00f3n de datos<\/title>\n<meta name=\"description\" content=\"Dart, consultor\u00eda y asesor\u00eda de empresas en el tratamiento de datos de car\u00e1cter personal y en la seguridad y gesti\u00f3n de la informaci\u00f3n.\" \/>\n<meta name=\"robots\" content=\"index, follow, max-snippet:-1, max-image-preview:large, max-video-preview:-1\" \/>\n<link rel=\"canonical\" href=\"https:\/\/www.dartem.cat\/es\/\" \/>\n<meta property=\"og:locale\" content=\"es_ES\" \/>\n<meta property=\"og:type\" content=\"article\" \/>\n<meta property=\"og:title\" content=\"Dartem - Seguridad y Protecci\u00f3n de datos\" \/>\n<meta property=\"og:description\" content=\"Dart, consultor\u00eda y asesor\u00eda de empresas en el tratamiento de datos de car\u00e1cter personal y en la seguridad y gesti\u00f3n de la informaci\u00f3n.\" \/>\n<meta property=\"og:url\" content=\"https:\/\/www.dartem.cat\/es\/\" \/>\n<meta property=\"og:site_name\" content=\"Dartem\" \/>\n<meta property=\"article:modified_time\" content=\"2024-04-24T10:37:20+00:00\" \/>\n<meta name=\"twitter:card\" content=\"summary_large_image\" \/>\n<meta name=\"twitter:label1\" content=\"Tiempo de lectura\" \/>\n\t<meta name=\"twitter:data1\" content=\"12 minutos\" \/>\n<script type=\"application\/ld+json\" class=\"yoast-schema-graph\">{\"@context\":\"https:\/\/schema.org\",\"@graph\":[{\"@type\":\"WebPage\",\"@id\":\"https:\/\/www.dartem.cat\/es\/\",\"url\":\"https:\/\/www.dartem.cat\/es\/\",\"name\":\"Dartem - Seguridad y Protecci\u00f3n de datos\",\"isPartOf\":{\"@id\":\"https:\/\/www.dartem.cat\/es\/#website\"},\"datePublished\":\"2018-04-10T09:59:13+00:00\",\"dateModified\":\"2024-04-24T10:37:20+00:00\",\"description\":\"Dart, consultor\u00eda y asesor\u00eda de empresas en el tratamiento de datos de car\u00e1cter personal y en la seguridad y gesti\u00f3n de la informaci\u00f3n.\",\"breadcrumb\":{\"@id\":\"https:\/\/www.dartem.cat\/es\/#breadcrumb\"},\"inLanguage\":\"es\",\"potentialAction\":[{\"@type\":\"ReadAction\",\"target\":[\"https:\/\/www.dartem.cat\/es\/\"]}]},{\"@type\":\"BreadcrumbList\",\"@id\":\"https:\/\/www.dartem.cat\/es\/#breadcrumb\",\"itemListElement\":[{\"@type\":\"ListItem\",\"position\":1,\"name\":\"Portada\",\"item\":\"https:\/\/www.dartem.cat\/es\/\"},{\"@type\":\"ListItem\",\"position\":2,\"name\":\"INICIO\"}]},{\"@type\":\"WebSite\",\"@id\":\"https:\/\/www.dartem.cat\/es\/#website\",\"url\":\"https:\/\/www.dartem.cat\/es\/\",\"name\":\"Dartem\",\"description\":\"Protecci\u00f3 de dades i Seguretat de la informaci\u00f3\",\"potentialAction\":[{\"@type\":\"SearchAction\",\"target\":{\"@type\":\"EntryPoint\",\"urlTemplate\":\"https:\/\/www.dartem.cat\/es\/?s={search_term_string}\"},\"query-input\":{\"@type\":\"PropertyValueSpecification\",\"valueRequired\":true,\"valueName\":\"search_term_string\"}}],\"inLanguage\":\"es\"}]}<\/script>\n<!-- \/ Yoast SEO plugin. -->","yoast_head_json":{"title":"Dartem - Seguridad y Protecci\u00f3n de datos","description":"Dart, consultor\u00eda y asesor\u00eda de empresas en el tratamiento de datos de car\u00e1cter personal y en la seguridad y gesti\u00f3n de la informaci\u00f3n.","robots":{"index":"index","follow":"follow","max-snippet":"max-snippet:-1","max-image-preview":"max-image-preview:large","max-video-preview":"max-video-preview:-1"},"canonical":"https:\/\/www.dartem.cat\/es\/","og_locale":"es_ES","og_type":"article","og_title":"Dartem - Seguridad y Protecci\u00f3n de datos","og_description":"Dart, consultor\u00eda y asesor\u00eda de empresas en el tratamiento de datos de car\u00e1cter personal y en la seguridad y gesti\u00f3n de la informaci\u00f3n.","og_url":"https:\/\/www.dartem.cat\/es\/","og_site_name":"Dartem","article_modified_time":"2024-04-24T10:37:20+00:00","twitter_card":"summary_large_image","twitter_misc":{"Tiempo de lectura":"12 minutos"},"schema":{"@context":"https:\/\/schema.org","@graph":[{"@type":"WebPage","@id":"https:\/\/www.dartem.cat\/es\/","url":"https:\/\/www.dartem.cat\/es\/","name":"Dartem - Seguridad y Protecci\u00f3n de datos","isPartOf":{"@id":"https:\/\/www.dartem.cat\/es\/#website"},"datePublished":"2018-04-10T09:59:13+00:00","dateModified":"2024-04-24T10:37:20+00:00","description":"Dart, consultor\u00eda y asesor\u00eda de empresas en el tratamiento de datos de car\u00e1cter personal y en la seguridad y gesti\u00f3n de la informaci\u00f3n.","breadcrumb":{"@id":"https:\/\/www.dartem.cat\/es\/#breadcrumb"},"inLanguage":"es","potentialAction":[{"@type":"ReadAction","target":["https:\/\/www.dartem.cat\/es\/"]}]},{"@type":"BreadcrumbList","@id":"https:\/\/www.dartem.cat\/es\/#breadcrumb","itemListElement":[{"@type":"ListItem","position":1,"name":"Portada","item":"https:\/\/www.dartem.cat\/es\/"},{"@type":"ListItem","position":2,"name":"INICIO"}]},{"@type":"WebSite","@id":"https:\/\/www.dartem.cat\/es\/#website","url":"https:\/\/www.dartem.cat\/es\/","name":"Dartem","description":"Protecci\u00f3 de dades i Seguretat de la informaci\u00f3","potentialAction":[{"@type":"SearchAction","target":{"@type":"EntryPoint","urlTemplate":"https:\/\/www.dartem.cat\/es\/?s={search_term_string}"},"query-input":{"@type":"PropertyValueSpecification","valueRequired":true,"valueName":"search_term_string"}}],"inLanguage":"es"}]}},"_links":{"self":[{"href":"https:\/\/www.dartem.cat\/es\/wp-json\/wp\/v2\/pages\/1564"}],"collection":[{"href":"https:\/\/www.dartem.cat\/es\/wp-json\/wp\/v2\/pages"}],"about":[{"href":"https:\/\/www.dartem.cat\/es\/wp-json\/wp\/v2\/types\/page"}],"author":[{"embeddable":true,"href":"https:\/\/www.dartem.cat\/es\/wp-json\/wp\/v2\/users\/1"}],"replies":[{"embeddable":true,"href":"https:\/\/www.dartem.cat\/es\/wp-json\/wp\/v2\/comments?post=1564"}],"version-history":[{"count":36,"href":"https:\/\/www.dartem.cat\/es\/wp-json\/wp\/v2\/pages\/1564\/revisions"}],"predecessor-version":[{"id":2374,"href":"https:\/\/www.dartem.cat\/es\/wp-json\/wp\/v2\/pages\/1564\/revisions\/2374"}],"wp:attachment":[{"href":"https:\/\/www.dartem.cat\/es\/wp-json\/wp\/v2\/media?parent=1564"}],"curies":[{"name":"wp","href":"https:\/\/api.w.org\/{rel}","templated":true}]}}